{"id":66575,"date":"2020-09-07T17:02:38","date_gmt":"2020-09-07T20:02:38","guid":{"rendered":"http:\/\/test3.fundacionmeri.cl\/?page_id=66575"},"modified":"2023-02-23T11:17:26","modified_gmt":"2023-02-23T14:17:26","slug":"noticias","status":"publish","type":"page","link":"https:\/\/fundacionmeri.cl\/en\/noticias\/","title":{"rendered":"News"},"content":{"rendered":"<div class=\"wpb-content-wrapper\"><p>[vc_row custom_css_code=&#8221;LmJsb2ctc3R5bGUtY29tcGFjdCUyMGFydGljbGUlMjAucG9zdC10aXRsZSUyMGg1JTIwc3BhbiUyMCU3QiUwQSUyMCUyMCUyMCUyMGZvbnQtZmFtaWx5JTNBJTIwJTI3TW9udHNlcnJhdCUyNyUzQiUwQSUyMCUyMCUyMCUyMGZvbnQtd2VpZ2h0JTNBJTIwNzAwJTNCJTBBJTIwJTIwJTIwJTIwdGV4dC10cmFuc2Zvcm0lM0ElMjBub25lJTNCJTBBJTdEJTBBJTQwbWVkaWElMjAlMjhtYXgtd2lkdGglM0ElMjAxMTk5cHglMjklMjAlN0IlMEElMjAlMjAlMjAlMjAucm93JTIwJTNFJTIwJTJBJTIwJTdCJTBBJTIwJTIwJTIwJTIwJTIwJTIwJTIwJTIwbWFyZ2luLXRvcCUzQSUyMDAlM0IlMEElMjAlMjAlMjAlMjAlN0QlMEElN0Q=&#8221;][vc_column]<div class=\"clearboth\"><\/div><style>#thegem-divider-69f2326157cd7 {margin-top: 100px !important;}<\/style><div id=\"thegem-divider-69f2326157cd7\" class=\"gem-divider  \" style=\"\" ><\/div><style>.portfolio.news-grid#style-ff70c80 .portfolio-item:not(.size-item), .preloader#style-preloader-ff70c80 .portfolio-item { padding: calc(42px\/2) !important; }.portfolio.news-grid#style-ff70c80 .portfolio-item.size-item { padding: 0 calc(42px\/2) !important; }.portfolio.news-grid#style-ff70c80 .portfolio-row, .preloader#style-preloader-ff70c80 .skeleton-posts.portfolio-row { margin: calc(-42px\/2); }.portfolio.news-grid#style-ff70c80.fullwidth-columns .portfolio-row { margin: calc(-42px\/2) 0; }.portfolio.news-grid#style-ff70c80 .fullwidth-block:not(.no-paddings) { padding-left: 42px; padding-right: 42px; }.portfolio.news-grid#style-ff70c80 .fullwidth-block .portfolio-row { padding-left: calc(42px\/2); padding-right: calc(42px\/2); }.portfolio.news-grid#style-ff70c80 .fullwidth-block .portfolio-top-panel { padding-left: 42px; padding-right: 42px; }.portfolio.news-grid#style-ff70c80.fullwidth-columns .with-filter-sidebar .filter-sidebar { padding-left: 42px; }.portfolio.news-grid#style-ff70c80.list-style.with-divider .portfolio-item .wrap:before { top: calc(-42px\/2); }.portfolio.news-grid#style-ff70c80 .portfolio-item .caption .title span { letter-spacing: px !important; }<\/style><style>.portfolio.news-grid#style-ff70c80 .portfolio-filters { text-align: center; }<\/style><div id=\"style-preloader-ff70c80\" class=\"preloader save-space\"><div class=\"preloader-spin\"><\/div><\/div> <div class=\"portfolio-preloader-wrapper panel-sidebar-position-left\"> <div class=\"portfolio portfolio-grid extended-portfolio-grid news-grid no-padding portfolio-pagination-more portfolio-style-justified background-style-transparent title-style-light hover-new-vertical-sliding title-on-page caption-position-page version-new loading-animation item-animation-move-up columns-3 columns-tablet-2 columns-mobile-1 \" id=\"style-ff70c80\" data-style-uid=\"ff70c80\" data-portfolio-uid=\"grid_70ea4ce\" data-current-page=\"1\" data-per-page=\"9\" data-next-page=\"2\" data-pages-count=\"50\" data-hover=\"vertical-sliding\" data-portfolio-filter=\"[]\" data-portfolio-filter-attributes=\"null\" data-portfolio-filter-status=\"null\" data-portfolio-filter-price=\"null\" data-portfolio-filter-search=\"\"> <div class=\"portfolio-row-outer \"> <div class=\"portfolio-top-panel filter-type-default selected-only\"> <div class=\"portfolio-top-panel-row filter-style-buttons\"> <div class=\"portfolio-top-panel-left\"><div class=\"portfolio-filter-item portfolio-selected-filters left\"> <div class=\"portfolio-selected-filter-item clear-filters\"> Clear Filters\t<\/div> <\/div> <\/div> <div class=\"portfolio-top-panel-right\"> <\/div> <\/div> <\/div> <div class=\"row portfolio-row\"> <div class=\"portfolio-set clearfix\" data-max-row-height=\"380\"> <div class=\"portfolio-item cambio-climatico blue-boat col-xs-12 col-sm-6 col-md-4 item-animations-not-inited show-caption-border appearance-type- post-72597 post type-post status-publish format-standard has-post-thumbnail category-cambio-climatico category-blue-boat\" data-default-sort=\"0\" data-sort-date=\"1776344859\"> <div class=\"wrap clearfix\"> <div class=\"image post-72597 post type-post status-publish format-standard has-post-thumbnail category-cambio-climatico category-blue-boat\"> <div class=\"image-inner \"> <picture> <img src=\"https:\/\/fundacionmeri.cl\/wp-content\/uploads\/2026\/04\/transparent-thegem-product-justified-square-m.png\" width=\"400\" height=\"400\" class=\"attachment-thegem-product-justified-square-m\" alt=\"A humpback whale was stranded due to entanglement in Chilo\u00e9, on the Pacific coast in Huentem\u00f3, north of Cucao.\" \/> <\/picture> <div class=\"post-featured-content\"><a href=\"https:\/\/fundacionmeri.cl\/en\/varo-una-jorobada-por-enmalle-en-chiloe-en-la-costa-pacifico-en-huentemo-al-norte-de-cucao\/\"> <picture> <source srcset=\"https:\/\/fundacionmeri.cl\/wp-content\/uploads\/2026\/04\/02-thegem-product-justified-square-m.jpg 1x\" sizes=\"100vw\"> <img src=\"https:\/\/fundacionmeri.cl\/wp-content\/uploads\/2026\/04\/02-thegem-product-justified-square-m.jpg\" width=\"400\" height=\"400\" class=\"img-responsive\" alt=\"02\" \/> <\/picture> <\/a><\/div> <\/div> <div class=\"overlay\"> <div class=\"overlay-circle\"><\/div> <div class=\"links-wrapper\"> <div class=\"links\"> <div class=\"caption\"> <a href=\"https:\/\/fundacionmeri.cl\/en\/varo-una-jorobada-por-enmalle-en-chiloe-en-la-costa-pacifico-en-huentemo-al-norte-de-cucao\/\" class=\"portfolio-item-link\"> <span class=\"screen-reader-text\">A humpback whale was stranded due to entanglement in Chilo\u00e9, on the Pacific coast in Huentem\u00f3, north of Cucao.<\/span> <\/a> <div class=\"portfolio-icons\"> <a href=\"javascript: void(0);\" class=\"icon self-link\" aria-label=\"A humpback whale was stranded due to entanglement in Chilo\u00e9, on the Pacific coast in Huentem\u00f3, north of Cucao.\"><i class=\"default\"><\/i><\/a> <\/div> <div class=\"info\"> <a class=\"additional-meta\" data-filter-type=\"taxonomies\" data-attr=\"category\" data-filter=\"cambio-climatico\">Cambio Clim\u00e1tico<\/a><span class=\"sep\"><\/span> <a class=\"additional-meta\" data-filter-type=\"taxonomies\" data-attr=\"category\" data-filter=\"blue-boat\">The Blue BOAT Initiative<\/a> <\/div> <\/div> <\/div> <\/div> <\/div> <\/div> <div class=\"caption post-72597 post type-post status-publish format-standard has-post-thumbnail category-cambio-climatico category-blue-boat\"> <div class=\"post-author-date\"> <div class=\"post-date\">April 16, 2026<\/div> <\/div> <div class=\"title\"> <span class=\"title-h4 \"><a href=\"https:\/\/fundacionmeri.cl\/en\/varo-una-jorobada-por-enmalle-en-chiloe-en-la-costa-pacifico-en-huentemo-al-norte-de-cucao\/\" rel=\"bookmark\">A humpback whale was stranded due to entanglement in Chilo\u00e9, on the Pacific coast in Huentem\u00f3, north of Cucao.<\/a><\/span> <\/div> <div class=\"description \"> <p>The stranding and death of this humpback whale in Chilo\u00e9 is a warning sign. Increasing pressures on marine ecosystems\u2014such as&#8230;<\/p> <\/div> <div class=\"grid-post-meta clearfix without-likes\"> <div class=\"grid-post-meta-inner\"> <div class=\"grid-post-share\"> <a href=\"javascript: void(0);\" class=\"icon share\" role=\"button\" aria-label=\"Share\"><i class=\"default\"><\/i><\/a> <\/div> <div class=\"portfolio-sharing-pane\"> <div class=\"socials-sharing socials socials-colored-hover\"> <a class=\"socials-item\" target=\"_blank\" href=\"https:\/\/www.facebook.com\/sharer\/sharer.php?u=https%3A%2F%2Ffundacionmeri.cl%2Fen%2Fvaro-una-jorobada-por-enmalle-en-chiloe-en-la-costa-pacifico-en-huentemo-al-norte-de-cucao%2F\" title=\"Facebook\"><i class=\"socials-item-icon facebook\"><\/i><\/a> <a class=\"socials-item\" target=\"_blank\" href=\"https:\/\/twitter.com\/intent\/tweet?text=A+humpback+whale+was+stranded+due+to+entanglement+in+Chilo%C3%A9%2C+on+the+Pacific+coast+in+Huentem%C3%B3%2C+north+of+Cucao.&#038;url=https%3A%2F%2Ffundacionmeri.cl%2Fen%2Fvaro-una-jorobada-por-enmalle-en-chiloe-en-la-costa-pacifico-en-huentemo-al-norte-de-cucao%2F\" title=\"Twitter\"><i class=\"socials-item-icon twitter\"><\/i><\/a> <a class=\"socials-item\" target=\"_blank\" href=\"https:\/\/pinterest.com\/pin\/create\/button\/?url=https%3A%2F%2Ffundacionmeri.cl%2Fen%2Fvaro-una-jorobada-por-enmalle-en-chiloe-en-la-costa-pacifico-en-huentemo-al-norte-de-cucao%2F&#038;description=A+humpback+whale+was+stranded+due+to+entanglement+in+Chilo%C3%A9%2C+on+the+Pacific+coast+in+Huentem%C3%B3%2C+north+of+Cucao.&#038;media=https%3A%2F%2Ffundacionmeri.cl%2Fwp-content%2Fuploads%2F2026%2F04%2F02-thegem-blog-timeline-large.jpg\" title=\"Pinterest\"><i class=\"socials-item-icon pinterest\"><\/i><\/a> <a class=\"socials-item\" target=\"_blank\" href=\"https:\/\/www.tumblr.com\/widgets\/share\/tool?canonicalUrl=https%3A%2F%2Ffundacionmeri.cl%2Fen%2Fvaro-una-jorobada-por-enmalle-en-chiloe-en-la-costa-pacifico-en-huentemo-al-norte-de-cucao%2F\" title=\"Tumblr\"><i class=\"socials-item-icon tumblr\"><\/i><\/a> <a class=\"socials-item\" target=\"_blank\" href=\"https:\/\/www.linkedin.com\/shareArticle?mini=true&#038;url=https%3A%2F%2Ffundacionmeri.cl%2Fen%2Fvaro-una-jorobada-por-enmalle-en-chiloe-en-la-costa-pacifico-en-huentemo-al-norte-de-cucao%2F&#038;title=A+humpback+whale+was+stranded+due+to+entanglement+in+Chilo%C3%A9%2C+on+the+Pacific+coast+in+Huentem%C3%B3%2C+north+of+Cucao.&amp;summary=The+stranding+and+death+of+this+humpback+whale+in+Chilo%C3%A9+is+a+warning+sign.+Increasing+pressures+on+marine+ecosystems%E2%80%94such+as...\" title=\"LinkedIn\"><i class=\"socials-item-icon linkedin\"><\/i><\/a> <a class=\"socials-item\" target=\"_blank\" href=\"https:\/\/www.reddit.com\/submit?url=https%3A%2F%2Ffundacionmeri.cl%2Fen%2Fvaro-una-jorobada-por-enmalle-en-chiloe-en-la-costa-pacifico-en-huentemo-al-norte-de-cucao%2F&#038;title=A+humpback+whale+was+stranded+due+to+entanglement+in+Chilo%C3%A9%2C+on+the+Pacific+coast+in+Huentem%C3%B3%2C+north+of+Cucao.\" title=\"Reddit\"><i class=\"socials-item-icon reddit\"><\/i><\/a> <\/div> <\/div> <div class=\"grid-post-meta-comments-likes\"> <\/div> <\/div> <\/div> <\/div> <\/div> <\/div> <div class=\"portfolio-item meri col-xs-12 col-sm-6 col-md-4 item-animations-not-inited show-caption-border appearance-type- post-72586 post type-post status-publish format-standard has-post-thumbnail category-meri\" data-default-sort=\"0\" data-sort-date=\"1773680666\"> <div class=\"wrap clearfix\"> <div class=\"image post-72586 post type-post status-publish format-standard has-post-thumbnail category-meri\"> <div class=\"image-inner \"> <picture> <img src=\"https:\/\/fundacionmeri.cl\/wp-content\/uploads\/2026\/04\/transparent-thegem-product-justified-square-m.png\" width=\"400\" height=\"400\" class=\"attachment-thegem-product-justified-square-m\" alt=\"[Pa\u00eds Circular] When conservation is led by private entities: the Chilean model looking to scale from Patagonia\" \/> <\/picture> <div class=\"post-featured-content\"><a href=\"https:\/\/fundacionmeri.cl\/en\/cuando-la-conservacion-la-lideran-privados-el-modelo-chileno-que-busca-escalar-desde-la-patagonia\/\"> <picture> <source srcset=\"https:\/\/fundacionmeri.cl\/wp-content\/uploads\/2026\/03\/foto_Noticia-thegem-product-justified-square-m.jpg 1x\" sizes=\"100vw\"> <img src=\"https:\/\/fundacionmeri.cl\/wp-content\/uploads\/2026\/03\/foto_Noticia-thegem-product-justified-square-m.jpg\" width=\"400\" height=\"400\" class=\"img-responsive\" alt=\"foto_Noticia\" \/> <\/picture> <\/a><\/div> <\/div> <div class=\"overlay\"> <div class=\"overlay-circle\"><\/div> <div class=\"links-wrapper\"> <div class=\"links\"> <div class=\"caption\"> <a href=\"https:\/\/fundacionmeri.cl\/en\/cuando-la-conservacion-la-lideran-privados-el-modelo-chileno-que-busca-escalar-desde-la-patagonia\/\" class=\"portfolio-item-link\"> <span class=\"screen-reader-text\">[Pa\u00eds Circular] When conservation is led by private entities: the Chilean model looking to scale from Patagonia<\/span> <\/a> <div class=\"portfolio-icons\"> <a href=\"javascript: void(0);\" class=\"icon self-link\" aria-label=\"[Pa\u00eds Circular] When conservation is led by private entities: the Chilean model looking to scale from Patagonia\"><i class=\"default\"><\/i><\/a> <\/div> <div class=\"info\"> <a class=\"additional-meta\" data-filter-type=\"taxonomies\" data-attr=\"category\" data-filter=\"meri\">MERI<\/a> <\/div> <\/div> <\/div> <\/div> <\/div> <\/div> <div class=\"caption post-72586 post type-post status-publish format-standard has-post-thumbnail category-meri\"> <div class=\"post-author-date\"> <div class=\"post-date\">March 16, 2026<\/div> <\/div> <div class=\"title\"> <span class=\"title-h4 \"><a href=\"https:\/\/fundacionmeri.cl\/en\/cuando-la-conservacion-la-lideran-privados-el-modelo-chileno-que-busca-escalar-desde-la-patagonia\/\" rel=\"bookmark\">[Pa\u00eds Circular] When conservation is led by private entities: the Chilean model looking to scale from Patagonia<\/a><\/span> <\/div> <div class=\"description \"> <p>[vc_row][vc_column][vc_column_text css=&#8221;&#8221;] Filantrop\u00eda Cort\u00e9s Solari and Associated Universities, Inc. (AUI) will hold the fourth edition of Mission Patagonia at the&#8230;<\/p> <\/div> <div class=\"grid-post-meta clearfix without-likes\"> <div class=\"grid-post-meta-inner\"> <div class=\"grid-post-share\"> <a href=\"javascript: void(0);\" class=\"icon share\" role=\"button\" aria-label=\"Share\"><i class=\"default\"><\/i><\/a> <\/div> <div class=\"portfolio-sharing-pane\"> <div class=\"socials-sharing socials socials-colored-hover\"> <a class=\"socials-item\" target=\"_blank\" href=\"https:\/\/www.facebook.com\/sharer\/sharer.php?u=https%3A%2F%2Ffundacionmeri.cl%2Fen%2Fcuando-la-conservacion-la-lideran-privados-el-modelo-chileno-que-busca-escalar-desde-la-patagonia%2F\" title=\"Facebook\"><i class=\"socials-item-icon facebook\"><\/i><\/a> <a class=\"socials-item\" target=\"_blank\" href=\"https:\/\/twitter.com\/intent\/tweet?text=%5BPa%C3%ADs+Circular%5D+When+conservation+is+led+by+private+entities%3A+the+Chilean+model+looking+to+scale+from+Patagonia&#038;url=https%3A%2F%2Ffundacionmeri.cl%2Fen%2Fcuando-la-conservacion-la-lideran-privados-el-modelo-chileno-que-busca-escalar-desde-la-patagonia%2F\" title=\"Twitter\"><i class=\"socials-item-icon twitter\"><\/i><\/a> <a class=\"socials-item\" target=\"_blank\" href=\"https:\/\/pinterest.com\/pin\/create\/button\/?url=https%3A%2F%2Ffundacionmeri.cl%2Fen%2Fcuando-la-conservacion-la-lideran-privados-el-modelo-chileno-que-busca-escalar-desde-la-patagonia%2F&#038;description=%5BPa%C3%ADs+Circular%5D+When+conservation+is+led+by+private+entities%3A+the+Chilean+model+looking+to+scale+from+Patagonia&#038;media=https%3A%2F%2Ffundacionmeri.cl%2Fwp-content%2Fuploads%2F2026%2F03%2Ffoto_Noticia-thegem-blog-timeline-large.jpg\" title=\"Pinterest\"><i class=\"socials-item-icon pinterest\"><\/i><\/a> <a class=\"socials-item\" target=\"_blank\" href=\"https:\/\/www.tumblr.com\/widgets\/share\/tool?canonicalUrl=https%3A%2F%2Ffundacionmeri.cl%2Fen%2Fcuando-la-conservacion-la-lideran-privados-el-modelo-chileno-que-busca-escalar-desde-la-patagonia%2F\" title=\"Tumblr\"><i class=\"socials-item-icon tumblr\"><\/i><\/a> <a class=\"socials-item\" target=\"_blank\" href=\"https:\/\/www.linkedin.com\/shareArticle?mini=true&#038;url=https%3A%2F%2Ffundacionmeri.cl%2Fen%2Fcuando-la-conservacion-la-lideran-privados-el-modelo-chileno-que-busca-escalar-desde-la-patagonia%2F&#038;title=%5BPa%C3%ADs+Circular%5D+When+conservation+is+led+by+private+entities%3A+the+Chilean+model+looking+to+scale+from+Patagonia&amp;summary=%5Bvc_row%5D%5Bvc_column%5D%5Bvc_column_text+css%3D%26%238221%3B%26%238221%3B%5D+Filantrop%C3%ADa+Cort%C3%A9s+Solari+and+Associated+Universities%2C+Inc.+%28AUI%29+will+hold+the+fourth+edition+of+Mission+Patagonia+at+the...\" title=\"LinkedIn\"><i class=\"socials-item-icon linkedin\"><\/i><\/a> <a class=\"socials-item\" target=\"_blank\" href=\"https:\/\/www.reddit.com\/submit?url=https%3A%2F%2Ffundacionmeri.cl%2Fen%2Fcuando-la-conservacion-la-lideran-privados-el-modelo-chileno-que-busca-escalar-desde-la-patagonia%2F&#038;title=%5BPa%C3%ADs+Circular%5D+When+conservation+is+led+by+private+entities%3A+the+Chilean+model+looking+to+scale+from+Patagonia\" title=\"Reddit\"><i class=\"socials-item-icon reddit\"><\/i><\/a> <\/div> <\/div> <div class=\"grid-post-meta-comments-likes\"> <\/div> <\/div> <\/div> <\/div> <\/div> <\/div> <div class=\"portfolio-item cambio-climatico meri col-xs-12 col-sm-6 col-md-4 item-animations-not-inited show-caption-border appearance-type- post-72578 post type-post status-publish format-standard has-post-thumbnail category-cambio-climatico category-meri\" data-default-sort=\"0\" data-sort-date=\"1771951530\"> <div class=\"wrap clearfix\"> <div class=\"image post-72578 post type-post status-publish format-standard has-post-thumbnail category-cambio-climatico category-meri\"> <div class=\"image-inner \"> <picture> <img src=\"https:\/\/fundacionmeri.cl\/wp-content\/uploads\/2026\/04\/transparent-thegem-product-justified-square-m.png\" width=\"400\" height=\"400\" class=\"attachment-thegem-product-justified-square-m\" alt=\"[Cooperativa] Harvard and Filantrop\u00eda Cort\u00e9s Solari to conduct study on water scarcity in Atacama\" \/> <\/picture> <div class=\"post-featured-content\"><a href=\"https:\/\/fundacionmeri.cl\/en\/cooperativa-harvard-y-filantropia-cortes-solari-realizaran-estudio-sobre-escasez-hidrica-en-atacama\/\"> <picture> <source srcset=\"https:\/\/fundacionmeri.cl\/wp-content\/uploads\/2026\/02\/sanpedro-thegem-product-justified-square-m.jpg 1x\" sizes=\"100vw\"> <img src=\"https:\/\/fundacionmeri.cl\/wp-content\/uploads\/2026\/02\/sanpedro-thegem-product-justified-square-m.jpg\" width=\"400\" height=\"400\" class=\"img-responsive\" alt=\"sanpedro\" \/> <\/picture> <\/a><\/div> <\/div> <div class=\"overlay\"> <div class=\"overlay-circle\"><\/div> <div class=\"links-wrapper\"> <div class=\"links\"> <div class=\"caption\"> <a href=\"https:\/\/fundacionmeri.cl\/en\/cooperativa-harvard-y-filantropia-cortes-solari-realizaran-estudio-sobre-escasez-hidrica-en-atacama\/\" class=\"portfolio-item-link\"> <span class=\"screen-reader-text\">[Cooperativa] Harvard and Filantrop\u00eda Cort\u00e9s Solari to conduct study on water scarcity in Atacama<\/span> <\/a> <div class=\"portfolio-icons\"> <a href=\"javascript: void(0);\" class=\"icon self-link\" aria-label=\"[Cooperativa] Harvard and Filantrop\u00eda Cort\u00e9s Solari to conduct study on water scarcity in Atacama\"><i class=\"default\"><\/i><\/a> <\/div> <div class=\"info\"> <a class=\"additional-meta\" data-filter-type=\"taxonomies\" data-attr=\"category\" data-filter=\"cambio-climatico\">Cambio Clim\u00e1tico<\/a><span class=\"sep\"><\/span> <a class=\"additional-meta\" data-filter-type=\"taxonomies\" data-attr=\"category\" data-filter=\"meri\">MERI<\/a> <\/div> <\/div> <\/div> <\/div> <\/div> <\/div> <div class=\"caption post-72578 post type-post status-publish format-standard has-post-thumbnail category-cambio-climatico category-meri\"> <div class=\"post-author-date\"> <div class=\"post-date\">February 24, 2026<\/div> <\/div> <div class=\"title\"> <span class=\"title-h4 \"><a href=\"https:\/\/fundacionmeri.cl\/en\/cooperativa-harvard-y-filantropia-cortes-solari-realizaran-estudio-sobre-escasez-hidrica-en-atacama\/\" rel=\"bookmark\">[Cooperativa] Harvard and Filantrop\u00eda Cort\u00e9s Solari to conduct study on water scarcity in Atacama<\/a><\/span> <\/div> <div class=\"description \"> <p>The Harvard Graduate School of Design (GSD) will seek to integrate scientific knowledge with the ancestral wisdom of the Likanantay&#8230;<\/p> <\/div> <div class=\"grid-post-meta clearfix without-likes\"> <div class=\"grid-post-meta-inner\"> <div class=\"grid-post-share\"> <a href=\"javascript: void(0);\" class=\"icon share\" role=\"button\" aria-label=\"Share\"><i class=\"default\"><\/i><\/a> <\/div> <div class=\"portfolio-sharing-pane\"> <div class=\"socials-sharing socials socials-colored-hover\"> <a class=\"socials-item\" target=\"_blank\" href=\"https:\/\/www.facebook.com\/sharer\/sharer.php?u=https%3A%2F%2Ffundacionmeri.cl%2Fen%2Fcooperativa-harvard-y-filantropia-cortes-solari-realizaran-estudio-sobre-escasez-hidrica-en-atacama%2F\" title=\"Facebook\"><i class=\"socials-item-icon facebook\"><\/i><\/a> <a class=\"socials-item\" target=\"_blank\" href=\"https:\/\/twitter.com\/intent\/tweet?text=%5BCooperativa%5D+Harvard+and+Filantrop%C3%ADa+Cort%C3%A9s+Solari+to+conduct+study+on+water+scarcity+in+Atacama&#038;url=https%3A%2F%2Ffundacionmeri.cl%2Fen%2Fcooperativa-harvard-y-filantropia-cortes-solari-realizaran-estudio-sobre-escasez-hidrica-en-atacama%2F\" title=\"Twitter\"><i class=\"socials-item-icon twitter\"><\/i><\/a> <a class=\"socials-item\" target=\"_blank\" href=\"https:\/\/pinterest.com\/pin\/create\/button\/?url=https%3A%2F%2Ffundacionmeri.cl%2Fen%2Fcooperativa-harvard-y-filantropia-cortes-solari-realizaran-estudio-sobre-escasez-hidrica-en-atacama%2F&#038;description=%5BCooperativa%5D+Harvard+and+Filantrop%C3%ADa+Cort%C3%A9s+Solari+to+conduct+study+on+water+scarcity+in+Atacama&#038;media=https%3A%2F%2Ffundacionmeri.cl%2Fwp-content%2Fuploads%2F2026%2F02%2Fsanpedro-thegem-blog-timeline-large.jpg\" title=\"Pinterest\"><i class=\"socials-item-icon pinterest\"><\/i><\/a> <a class=\"socials-item\" target=\"_blank\" href=\"https:\/\/www.tumblr.com\/widgets\/share\/tool?canonicalUrl=https%3A%2F%2Ffundacionmeri.cl%2Fen%2Fcooperativa-harvard-y-filantropia-cortes-solari-realizaran-estudio-sobre-escasez-hidrica-en-atacama%2F\" title=\"Tumblr\"><i class=\"socials-item-icon tumblr\"><\/i><\/a> <a class=\"socials-item\" target=\"_blank\" href=\"https:\/\/www.linkedin.com\/shareArticle?mini=true&#038;url=https%3A%2F%2Ffundacionmeri.cl%2Fen%2Fcooperativa-harvard-y-filantropia-cortes-solari-realizaran-estudio-sobre-escasez-hidrica-en-atacama%2F&#038;title=%5BCooperativa%5D+Harvard+and+Filantrop%C3%ADa+Cort%C3%A9s+Solari+to+conduct+study+on+water+scarcity+in+Atacama&amp;summary=The+Harvard+Graduate+School+of+Design+%28GSD%29+will+seek+to+integrate+scientific+knowledge+with+the+ancestral+wisdom+of+the+Likanantay...\" title=\"LinkedIn\"><i class=\"socials-item-icon linkedin\"><\/i><\/a> <a class=\"socials-item\" target=\"_blank\" href=\"https:\/\/www.reddit.com\/submit?url=https%3A%2F%2Ffundacionmeri.cl%2Fen%2Fcooperativa-harvard-y-filantropia-cortes-solari-realizaran-estudio-sobre-escasez-hidrica-en-atacama%2F&#038;title=%5BCooperativa%5D+Harvard+and+Filantrop%C3%ADa+Cort%C3%A9s+Solari+to+conduct+study+on+water+scarcity+in+Atacama\" title=\"Reddit\"><i class=\"socials-item-icon reddit\"><\/i><\/a> <\/div> <\/div> <div class=\"grid-post-meta-comments-likes\"> <\/div> <\/div> <\/div> <\/div> <\/div> <\/div> <div class=\"portfolio-item educacion-ambiental meri col-xs-12 col-sm-6 col-md-4 item-animations-not-inited show-caption-border appearance-type- post-72550 post type-post status-publish format-standard has-post-thumbnail category-educacion-ambiental category-meri\" data-default-sort=\"0\" data-sort-date=\"1770892677\"> <div class=\"wrap clearfix\"> <div class=\"image post-72550 post type-post status-publish format-standard has-post-thumbnail category-educacion-ambiental category-meri\"> <div class=\"image-inner \"> <picture> <img src=\"https:\/\/fundacionmeri.cl\/wp-content\/uploads\/2026\/04\/transparent-thegem-product-justified-square-m.png\" width=\"400\" height=\"400\" class=\"attachment-thegem-product-justified-square-m\" alt=\"Elemental Mission: Science and Education in Three Territories\" \/> <\/picture> <div class=\"post-featured-content\"><a href=\"https:\/\/fundacionmeri.cl\/en\/mision-elemental-ciencia-y-educacion-en-tres-territorios\/\"> <picture> <source srcset=\"https:\/\/fundacionmeri.cl\/wp-content\/uploads\/2026\/02\/mision2-thegem-product-justified-square-m.jpeg 1x\" sizes=\"100vw\"> <img src=\"https:\/\/fundacionmeri.cl\/wp-content\/uploads\/2026\/02\/mision2-thegem-product-justified-square-m.jpeg\" width=\"400\" height=\"400\" class=\"img-responsive\" alt=\"mision2\" \/> <\/picture> <\/a><\/div> <\/div> <div class=\"overlay\"> <div class=\"overlay-circle\"><\/div> <div class=\"links-wrapper\"> <div class=\"links\"> <div class=\"caption\"> <a href=\"https:\/\/fundacionmeri.cl\/en\/mision-elemental-ciencia-y-educacion-en-tres-territorios\/\" class=\"portfolio-item-link\"> <span class=\"screen-reader-text\">Elemental Mission: Science and Education in Three Territories<\/span> <\/a> <div class=\"portfolio-icons\"> <a href=\"javascript: void(0);\" class=\"icon self-link\" aria-label=\"Elemental Mission: Science and Education in Three Territories\"><i class=\"default\"><\/i><\/a> <\/div> <div class=\"info\"> <a class=\"additional-meta\" data-filter-type=\"taxonomies\" data-attr=\"category\" data-filter=\"educacion-ambiental\">Environmental Education <\/a><span class=\"sep\"><\/span> <a class=\"additional-meta\" data-filter-type=\"taxonomies\" data-attr=\"category\" data-filter=\"meri\">MERI<\/a> <\/div> <\/div> <\/div> <\/div> <\/div> <\/div> <div class=\"caption post-72550 post type-post status-publish format-standard has-post-thumbnail category-educacion-ambiental category-meri\"> <div class=\"post-author-date\"> <div class=\"post-date\">February 12, 2026<\/div> <\/div> <div class=\"title\"> <span class=\"title-h4 \"><a href=\"https:\/\/fundacionmeri.cl\/en\/mision-elemental-ciencia-y-educacion-en-tres-territorios\/\" rel=\"bookmark\">Elemental Mission: Science and Education in Three Territories<\/a><\/span> <\/div> <div class=\"description \"> <p>[vc_row][vc_column][vc_column_text css=&#8221;&#8221;]Misi\u00f3n Elemental is a learning, research, and action program of Filantrop\u00eda Cort\u00e9s Solari, implemented through its network of Elemental&#8230;<\/p> <\/div> <div class=\"grid-post-meta clearfix without-likes\"> <div class=\"grid-post-meta-inner\"> <div class=\"grid-post-share\"> <a href=\"javascript: void(0);\" class=\"icon share\" role=\"button\" aria-label=\"Share\"><i class=\"default\"><\/i><\/a> <\/div> <div class=\"portfolio-sharing-pane\"> <div class=\"socials-sharing socials socials-colored-hover\"> <a class=\"socials-item\" target=\"_blank\" href=\"https:\/\/www.facebook.com\/sharer\/sharer.php?u=https%3A%2F%2Ffundacionmeri.cl%2Fen%2Fmision-elemental-ciencia-y-educacion-en-tres-territorios%2F\" title=\"Facebook\"><i class=\"socials-item-icon facebook\"><\/i><\/a> <a class=\"socials-item\" target=\"_blank\" href=\"https:\/\/twitter.com\/intent\/tweet?text=Elemental+Mission%3A+Science+and+Education+in+Three+Territories&#038;url=https%3A%2F%2Ffundacionmeri.cl%2Fen%2Fmision-elemental-ciencia-y-educacion-en-tres-territorios%2F\" title=\"Twitter\"><i class=\"socials-item-icon twitter\"><\/i><\/a> <a class=\"socials-item\" target=\"_blank\" href=\"https:\/\/pinterest.com\/pin\/create\/button\/?url=https%3A%2F%2Ffundacionmeri.cl%2Fen%2Fmision-elemental-ciencia-y-educacion-en-tres-territorios%2F&#038;description=Elemental+Mission%3A+Science+and+Education+in+Three+Territories&#038;media=https%3A%2F%2Ffundacionmeri.cl%2Fwp-content%2Fuploads%2F2026%2F02%2Fmision2-thegem-blog-timeline-large.jpeg\" title=\"Pinterest\"><i class=\"socials-item-icon pinterest\"><\/i><\/a> <a class=\"socials-item\" target=\"_blank\" href=\"https:\/\/www.tumblr.com\/widgets\/share\/tool?canonicalUrl=https%3A%2F%2Ffundacionmeri.cl%2Fen%2Fmision-elemental-ciencia-y-educacion-en-tres-territorios%2F\" title=\"Tumblr\"><i class=\"socials-item-icon tumblr\"><\/i><\/a> <a class=\"socials-item\" target=\"_blank\" href=\"https:\/\/www.linkedin.com\/shareArticle?mini=true&#038;url=https%3A%2F%2Ffundacionmeri.cl%2Fen%2Fmision-elemental-ciencia-y-educacion-en-tres-territorios%2F&#038;title=Elemental+Mission%3A+Science+and+Education+in+Three+Territories&amp;summary=%5Bvc_row%5D%5Bvc_column%5D%5Bvc_column_text+css%3D%26%238221%3B%26%238221%3B%5DMisi%C3%B3n+Elemental+is+a+learning%2C+research%2C+and+action+program+of+Filantrop%C3%ADa+Cort%C3%A9s+Solari%2C+implemented+through+its+network+of+Elemental...\" title=\"LinkedIn\"><i class=\"socials-item-icon linkedin\"><\/i><\/a> <a class=\"socials-item\" target=\"_blank\" href=\"https:\/\/www.reddit.com\/submit?url=https%3A%2F%2Ffundacionmeri.cl%2Fen%2Fmision-elemental-ciencia-y-educacion-en-tres-territorios%2F&#038;title=Elemental+Mission%3A+Science+and+Education+in+Three+Territories\" title=\"Reddit\"><i class=\"socials-item-icon reddit\"><\/i><\/a> <\/div> <\/div> <div class=\"grid-post-meta-comments-likes\"> <\/div> <\/div> <\/div> <\/div> <\/div> <\/div> <div class=\"portfolio-item educacion-ambiental col-xs-12 col-sm-6 col-md-4 item-animations-not-inited show-caption-border appearance-type- post-72406 post type-post status-publish format-standard has-post-thumbnail category-educacion-ambiental\" data-default-sort=\"0\" data-sort-date=\"1767537654\"> <div class=\"wrap clearfix\"> <div class=\"image post-72406 post type-post status-publish format-standard has-post-thumbnail category-educacion-ambiental\"> <div class=\"image-inner \"> <picture> <img src=\"https:\/\/fundacionmeri.cl\/wp-content\/uploads\/2026\/04\/transparent-thegem-product-justified-square-m.png\" width=\"400\" height=\"400\" class=\"attachment-thegem-product-justified-square-m\" alt=\"Para\u00edso Wild: The acclaimed Chilean documentary series, created and directed by photographer Javier Mery, arrives on fcs.tv\" \/> <\/picture> <div class=\"post-featured-content\"><a href=\"https:\/\/fundacionmeri.cl\/en\/paraiso-wild-la-aclamada-serie-documental-chilena-creada-y-dirigida-por-el-fotografo-javier-mery-llega-a-fcs-tv\/\"> <picture> <source srcset=\"https:\/\/fundacionmeri.cl\/wp-content\/uploads\/2026\/01\/paraisowild-thegem-product-justified-square-m.webp 1x\" sizes=\"100vw\"> <img src=\"https:\/\/fundacionmeri.cl\/wp-content\/uploads\/2026\/01\/paraisowild-thegem-product-justified-square-m.webp\" width=\"400\" height=\"400\" class=\"img-responsive\" alt=\"paraisowild\" \/> <\/picture> <\/a><\/div> <\/div> <div class=\"overlay\"> <div class=\"overlay-circle\"><\/div> <div class=\"links-wrapper\"> <div class=\"links\"> <div class=\"caption\"> <a href=\"https:\/\/fundacionmeri.cl\/en\/paraiso-wild-la-aclamada-serie-documental-chilena-creada-y-dirigida-por-el-fotografo-javier-mery-llega-a-fcs-tv\/\" class=\"portfolio-item-link\"> <span class=\"screen-reader-text\">Para\u00edso Wild: The acclaimed Chilean documentary series, created and directed by photographer Javier Mery, arrives on fcs.tv<\/span> <\/a> <div class=\"portfolio-icons\"> <a href=\"javascript: void(0);\" class=\"icon self-link\" aria-label=\"Para\u00edso Wild: The acclaimed Chilean documentary series, created and directed by photographer Javier Mery, arrives on fcs.tv\"><i class=\"default\"><\/i><\/a> <\/div> <div class=\"info\"> <a class=\"additional-meta\" data-filter-type=\"taxonomies\" data-attr=\"category\" data-filter=\"educacion-ambiental\">Environmental Education <\/a> <\/div> <\/div> <\/div> <\/div> <\/div> <\/div> <div class=\"caption post-72406 post type-post status-publish format-standard has-post-thumbnail category-educacion-ambiental\"> <div class=\"post-author-date\"> <div class=\"post-date\">January 4, 2026<\/div> <\/div> <div class=\"title\"> <span class=\"title-h4 \"><a href=\"https:\/\/fundacionmeri.cl\/en\/paraiso-wild-la-aclamada-serie-documental-chilena-creada-y-dirigida-por-el-fotografo-javier-mery-llega-a-fcs-tv\/\" rel=\"bookmark\">Para\u00edso Wild: The acclaimed Chilean documentary series, created and directed by photographer Javier Mery, arrives on fcs.tv<\/a><\/span> <\/div> <div class=\"description \"> <p>Para\u00edso Wild is the new documentary series by Chilean photographer and documentarian, Austerra collaborator Javier Mery (@jm.wildlife), who has spent&#8230;<\/p> <\/div> <div class=\"grid-post-meta clearfix without-likes\"> <div class=\"grid-post-meta-inner\"> <div class=\"grid-post-share\"> <a href=\"javascript: void(0);\" class=\"icon share\" role=\"button\" aria-label=\"Share\"><i class=\"default\"><\/i><\/a> <\/div> <div class=\"portfolio-sharing-pane\"> <div class=\"socials-sharing socials socials-colored-hover\"> <a class=\"socials-item\" target=\"_blank\" href=\"https:\/\/www.facebook.com\/sharer\/sharer.php?u=https%3A%2F%2Ffundacionmeri.cl%2Fen%2Fparaiso-wild-la-aclamada-serie-documental-chilena-creada-y-dirigida-por-el-fotografo-javier-mery-llega-a-fcs-tv%2F\" title=\"Facebook\"><i class=\"socials-item-icon facebook\"><\/i><\/a> <a class=\"socials-item\" target=\"_blank\" href=\"https:\/\/twitter.com\/intent\/tweet?text=Para%C3%ADso+Wild%3A+The+acclaimed+Chilean+documentary+series%2C+created+and+directed+by+photographer+Javier+Mery%2C+arrives+on+fcs.tv&#038;url=https%3A%2F%2Ffundacionmeri.cl%2Fen%2Fparaiso-wild-la-aclamada-serie-documental-chilena-creada-y-dirigida-por-el-fotografo-javier-mery-llega-a-fcs-tv%2F\" title=\"Twitter\"><i class=\"socials-item-icon twitter\"><\/i><\/a> <a class=\"socials-item\" target=\"_blank\" href=\"https:\/\/pinterest.com\/pin\/create\/button\/?url=https%3A%2F%2Ffundacionmeri.cl%2Fen%2Fparaiso-wild-la-aclamada-serie-documental-chilena-creada-y-dirigida-por-el-fotografo-javier-mery-llega-a-fcs-tv%2F&#038;description=Para%C3%ADso+Wild%3A+The+acclaimed+Chilean+documentary+series%2C+created+and+directed+by+photographer+Javier+Mery%2C+arrives+on+fcs.tv&#038;media=https%3A%2F%2Ffundacionmeri.cl%2Fwp-content%2Fuploads%2F2026%2F01%2Fparaisowild-thegem-blog-timeline-large.webp\" title=\"Pinterest\"><i class=\"socials-item-icon pinterest\"><\/i><\/a> <a class=\"socials-item\" target=\"_blank\" href=\"https:\/\/www.tumblr.com\/widgets\/share\/tool?canonicalUrl=https%3A%2F%2Ffundacionmeri.cl%2Fen%2Fparaiso-wild-la-aclamada-serie-documental-chilena-creada-y-dirigida-por-el-fotografo-javier-mery-llega-a-fcs-tv%2F\" title=\"Tumblr\"><i class=\"socials-item-icon tumblr\"><\/i><\/a> <a class=\"socials-item\" target=\"_blank\" href=\"https:\/\/www.linkedin.com\/shareArticle?mini=true&#038;url=https%3A%2F%2Ffundacionmeri.cl%2Fen%2Fparaiso-wild-la-aclamada-serie-documental-chilena-creada-y-dirigida-por-el-fotografo-javier-mery-llega-a-fcs-tv%2F&#038;title=Para%C3%ADso+Wild%3A+The+acclaimed+Chilean+documentary+series%2C+created+and+directed+by+photographer+Javier+Mery%2C+arrives+on+fcs.tv&amp;summary=Para%C3%ADso+Wild+is+the+new+documentary+series+by+Chilean+photographer+and+documentarian%2C+Austerra+collaborator+Javier+Mery+%28%40jm.wildlife%29%2C+who+has+spent...\" title=\"LinkedIn\"><i class=\"socials-item-icon linkedin\"><\/i><\/a> <a class=\"socials-item\" target=\"_blank\" href=\"https:\/\/www.reddit.com\/submit?url=https%3A%2F%2Ffundacionmeri.cl%2Fen%2Fparaiso-wild-la-aclamada-serie-documental-chilena-creada-y-dirigida-por-el-fotografo-javier-mery-llega-a-fcs-tv%2F&#038;title=Para%C3%ADso+Wild%3A+The+acclaimed+Chilean+documentary+series%2C+created+and+directed+by+photographer+Javier+Mery%2C+arrives+on+fcs.tv\" title=\"Reddit\"><i class=\"socials-item-icon reddit\"><\/i><\/a> <\/div> <\/div> <div class=\"grid-post-meta-comments-likes\"> <\/div> <\/div> <\/div> <\/div> <\/div> <\/div> <div class=\"portfolio-item meri col-xs-12 col-sm-6 col-md-4 item-animations-not-inited show-caption-border appearance-type- post-72412 post type-post status-publish format-standard has-post-thumbnail category-meri\" data-default-sort=\"0\" data-sort-date=\"1767192803\"> <div class=\"wrap clearfix\"> <div class=\"image post-72412 post type-post status-publish format-standard has-post-thumbnail category-meri\"> <div class=\"image-inner \"> <picture> <img src=\"https:\/\/fundacionmeri.cl\/wp-content\/uploads\/2026\/04\/transparent-thegem-product-justified-square-m.png\" width=\"400\" height=\"400\" class=\"attachment-thegem-product-justified-square-m\" alt=\"\u2728 A message to begin the year with gratitude and purpose \u2728\" \/> <\/picture> <div class=\"post-featured-content\"><a href=\"https:\/\/fundacionmeri.cl\/en\/%e2%9c%a8-un-mensaje-para-comenzar-el-ano-con-gratitud-y-sentido-%e2%9c%a8\/\"> <picture> <source srcset=\"https:\/\/fundacionmeri.cl\/wp-content\/uploads\/2026\/01\/Noticia_Fin_De_Ano-thegem-product-justified-square-m.jpg 1x\" sizes=\"100vw\"> <img src=\"https:\/\/fundacionmeri.cl\/wp-content\/uploads\/2026\/01\/Noticia_Fin_De_Ano-thegem-product-justified-square-m.jpg\" width=\"400\" height=\"400\" class=\"img-responsive\" alt=\"Noticia_Fin_De_An\u0303o\" \/> <\/picture> <\/a><\/div> <\/div> <div class=\"overlay\"> <div class=\"overlay-circle\"><\/div> <div class=\"links-wrapper\"> <div class=\"links\"> <div class=\"caption\"> <a href=\"https:\/\/fundacionmeri.cl\/en\/%e2%9c%a8-un-mensaje-para-comenzar-el-ano-con-gratitud-y-sentido-%e2%9c%a8\/\" class=\"portfolio-item-link\"> <span class=\"screen-reader-text\">\u2728 A message to begin the year with gratitude and purpose \u2728<\/span> <\/a> <div class=\"portfolio-icons\"> <a href=\"javascript: void(0);\" class=\"icon self-link\" aria-label=\"\u2728 A message to begin the year with gratitude and purpose \u2728\"><i class=\"default\"><\/i><\/a> <\/div> <div class=\"info\"> <a class=\"additional-meta\" data-filter-type=\"taxonomies\" data-attr=\"category\" data-filter=\"meri\">MERI<\/a> <\/div> <\/div> <\/div> <\/div> <\/div> <\/div> <div class=\"caption post-72412 post type-post status-publish format-standard has-post-thumbnail category-meri\"> <div class=\"post-author-date\"> <div class=\"post-date\">December 31, 2025<\/div> <\/div> <div class=\"title\"> <span class=\"title-h4 \"><a href=\"https:\/\/fundacionmeri.cl\/en\/%e2%9c%a8-un-mensaje-para-comenzar-el-ano-con-gratitud-y-sentido-%e2%9c%a8\/\" rel=\"bookmark\">\u2728 A message to begin the year with gratitude and purpose \u2728<\/a><\/span> <\/div> <div class=\"description \"> <p>We would like to share a greeting from our founder, Francisca Cort\u00e9s Solari, who, as this year came to a&#8230;<\/p> <\/div> <div class=\"grid-post-meta clearfix without-likes\"> <div class=\"grid-post-meta-inner\"> <div class=\"grid-post-share\"> <a href=\"javascript: void(0);\" class=\"icon share\" role=\"button\" aria-label=\"Share\"><i class=\"default\"><\/i><\/a> <\/div> <div class=\"portfolio-sharing-pane\"> <div class=\"socials-sharing socials socials-colored-hover\"> <a class=\"socials-item\" target=\"_blank\" href=\"https:\/\/www.facebook.com\/sharer\/sharer.php?u=https%3A%2F%2Ffundacionmeri.cl%2Fen%2F%25e2%259c%25a8-un-mensaje-para-comenzar-el-ano-con-gratitud-y-sentido-%25e2%259c%25a8%2F\" title=\"Facebook\"><i class=\"socials-item-icon facebook\"><\/i><\/a> <a class=\"socials-item\" target=\"_blank\" href=\"https:\/\/twitter.com\/intent\/tweet?text=%E2%9C%A8+A+message+to+begin+the+year+with+gratitude+and+purpose+%E2%9C%A8&#038;url=https%3A%2F%2Ffundacionmeri.cl%2Fen%2F%25e2%259c%25a8-un-mensaje-para-comenzar-el-ano-con-gratitud-y-sentido-%25e2%259c%25a8%2F\" title=\"Twitter\"><i class=\"socials-item-icon twitter\"><\/i><\/a> <a class=\"socials-item\" target=\"_blank\" href=\"https:\/\/pinterest.com\/pin\/create\/button\/?url=https%3A%2F%2Ffundacionmeri.cl%2Fen%2F%25e2%259c%25a8-un-mensaje-para-comenzar-el-ano-con-gratitud-y-sentido-%25e2%259c%25a8%2F&#038;description=%E2%9C%A8+A+message+to+begin+the+year+with+gratitude+and+purpose+%E2%9C%A8&#038;media=https%3A%2F%2Ffundacionmeri.cl%2Fwp-content%2Fuploads%2F2026%2F01%2FNoticia_Fin_De_Ano-thegem-blog-timeline-large.jpg\" title=\"Pinterest\"><i class=\"socials-item-icon pinterest\"><\/i><\/a> <a class=\"socials-item\" target=\"_blank\" href=\"https:\/\/www.tumblr.com\/widgets\/share\/tool?canonicalUrl=https%3A%2F%2Ffundacionmeri.cl%2Fen%2F%25e2%259c%25a8-un-mensaje-para-comenzar-el-ano-con-gratitud-y-sentido-%25e2%259c%25a8%2F\" title=\"Tumblr\"><i class=\"socials-item-icon tumblr\"><\/i><\/a> <a class=\"socials-item\" target=\"_blank\" href=\"https:\/\/www.linkedin.com\/shareArticle?mini=true&#038;url=https%3A%2F%2Ffundacionmeri.cl%2Fen%2F%25e2%259c%25a8-un-mensaje-para-comenzar-el-ano-con-gratitud-y-sentido-%25e2%259c%25a8%2F&#038;title=%E2%9C%A8+A+message+to+begin+the+year+with+gratitude+and+purpose+%E2%9C%A8&amp;summary=We+would+like+to+share+a+greeting+from+our+founder%2C+Francisca+Cort%C3%A9s+Solari%2C+who%2C+as+this+year+came+to+a...\" title=\"LinkedIn\"><i class=\"socials-item-icon linkedin\"><\/i><\/a> <a class=\"socials-item\" target=\"_blank\" href=\"https:\/\/www.reddit.com\/submit?url=https%3A%2F%2Ffundacionmeri.cl%2Fen%2F%25e2%259c%25a8-un-mensaje-para-comenzar-el-ano-con-gratitud-y-sentido-%25e2%259c%25a8%2F&#038;title=%E2%9C%A8+A+message+to+begin+the+year+with+gratitude+and+purpose+%E2%9C%A8\" title=\"Reddit\"><i class=\"socials-item-icon reddit\"><\/i><\/a> <\/div> <\/div> <div class=\"grid-post-meta-comments-likes\"> <\/div> <\/div> <\/div> <\/div> <\/div> <\/div> <div class=\"portfolio-item educacion-ambiental meri col-xs-12 col-sm-6 col-md-4 item-animations-not-inited show-caption-border appearance-type- post-72378 post type-post status-publish format-standard has-post-thumbnail category-educacion-ambiental category-meri tag-cachalote tag-daniel-casado\" data-default-sort=\"0\" data-sort-date=\"1764794181\"> <div class=\"wrap clearfix\"> <div class=\"image post-72378 post type-post status-publish format-standard has-post-thumbnail category-educacion-ambiental category-meri tag-cachalote tag-daniel-casado\"> <div class=\"image-inner \"> <picture> <img src=\"https:\/\/fundacionmeri.cl\/wp-content\/uploads\/2026\/04\/transparent-thegem-product-justified-square-m.png\" width=\"400\" height=\"400\" class=\"attachment-thegem-product-justified-square-m\" alt=\"Discover \u201cCachalote, Patagonia Explorer\u201d\" \/> <\/picture> <div class=\"post-featured-content\"><a href=\"https:\/\/fundacionmeri.cl\/en\/descubre-cachalote-patagonia-explorer\/\"> <picture> <source srcset=\"https:\/\/fundacionmeri.cl\/wp-content\/uploads\/2025\/12\/Noticia-Cachalote-thegem-product-justified-square-m.jpg 1x\" sizes=\"100vw\"> <img src=\"https:\/\/fundacionmeri.cl\/wp-content\/uploads\/2025\/12\/Noticia-Cachalote-thegem-product-justified-square-m.jpg\" width=\"400\" height=\"400\" class=\"img-responsive\" alt=\"Noticia-Cachalote\" \/> <\/picture> <\/a><\/div> <\/div> <div class=\"overlay\"> <div class=\"overlay-circle\"><\/div> <div class=\"links-wrapper\"> <div class=\"links\"> <div class=\"caption\"> <a href=\"https:\/\/fundacionmeri.cl\/en\/descubre-cachalote-patagonia-explorer\/\" class=\"portfolio-item-link\"> <span class=\"screen-reader-text\">Discover \u201cCachalote, Patagonia Explorer\u201d<\/span> <\/a> <div class=\"portfolio-icons\"> <a href=\"javascript: void(0);\" class=\"icon self-link\" aria-label=\"Discover \u201cCachalote, Patagonia Explorer\u201d\"><i class=\"default\"><\/i><\/a> <\/div> <div class=\"info\"> <a class=\"additional-meta\" data-filter-type=\"taxonomies\" data-attr=\"category\" data-filter=\"educacion-ambiental\">Environmental Education <\/a><span class=\"sep\"><\/span> <a class=\"additional-meta\" data-filter-type=\"taxonomies\" data-attr=\"category\" data-filter=\"meri\">MERI<\/a> <\/div> <\/div> <\/div> <\/div> <\/div> <\/div> <div class=\"caption post-72378 post type-post status-publish format-standard has-post-thumbnail category-educacion-ambiental category-meri tag-cachalote tag-daniel-casado\"> <div class=\"post-author-date\"> <div class=\"post-date\">December 3, 2025<\/div> <\/div> <div class=\"title\"> <span class=\"title-h4 \"><a href=\"https:\/\/fundacionmeri.cl\/en\/descubre-cachalote-patagonia-explorer\/\" rel=\"bookmark\">Discover \u201cCachalote, Patagonia Explorer\u201d<\/a><\/span> <\/div> <div class=\"description \"> <p>We invite you to watch the documentary \u201cCachalote, Patagonia Explorer\u201d, an audiovisual work that accompanied the application of this innovative&#8230;<\/p> <\/div> <div class=\"grid-post-meta clearfix without-likes\"> <div class=\"grid-post-meta-inner\"> <div class=\"grid-post-share\"> <a href=\"javascript: void(0);\" class=\"icon share\" role=\"button\" aria-label=\"Share\"><i class=\"default\"><\/i><\/a> <\/div> <div class=\"portfolio-sharing-pane\"> <div class=\"socials-sharing socials socials-colored-hover\"> <a class=\"socials-item\" target=\"_blank\" href=\"https:\/\/www.facebook.com\/sharer\/sharer.php?u=https%3A%2F%2Ffundacionmeri.cl%2Fen%2Fdescubre-cachalote-patagonia-explorer%2F\" title=\"Facebook\"><i class=\"socials-item-icon facebook\"><\/i><\/a> <a class=\"socials-item\" target=\"_blank\" href=\"https:\/\/twitter.com\/intent\/tweet?text=Discover+%E2%80%9CCachalote%2C+Patagonia+Explorer%E2%80%9D&#038;url=https%3A%2F%2Ffundacionmeri.cl%2Fen%2Fdescubre-cachalote-patagonia-explorer%2F\" title=\"Twitter\"><i class=\"socials-item-icon twitter\"><\/i><\/a> <a class=\"socials-item\" target=\"_blank\" href=\"https:\/\/pinterest.com\/pin\/create\/button\/?url=https%3A%2F%2Ffundacionmeri.cl%2Fen%2Fdescubre-cachalote-patagonia-explorer%2F&#038;description=Discover+%E2%80%9CCachalote%2C+Patagonia+Explorer%E2%80%9D&#038;media=https%3A%2F%2Ffundacionmeri.cl%2Fwp-content%2Fuploads%2F2025%2F12%2FNoticia-Cachalote-thegem-blog-timeline-large.jpg\" title=\"Pinterest\"><i class=\"socials-item-icon pinterest\"><\/i><\/a> <a class=\"socials-item\" target=\"_blank\" href=\"https:\/\/www.tumblr.com\/widgets\/share\/tool?canonicalUrl=https%3A%2F%2Ffundacionmeri.cl%2Fen%2Fdescubre-cachalote-patagonia-explorer%2F\" title=\"Tumblr\"><i class=\"socials-item-icon tumblr\"><\/i><\/a> <a class=\"socials-item\" target=\"_blank\" href=\"https:\/\/www.linkedin.com\/shareArticle?mini=true&#038;url=https%3A%2F%2Ffundacionmeri.cl%2Fen%2Fdescubre-cachalote-patagonia-explorer%2F&#038;title=Discover+%E2%80%9CCachalote%2C+Patagonia+Explorer%E2%80%9D&amp;summary=We+invite+you+to+watch+the+documentary+%E2%80%9CCachalote%2C+Patagonia+Explorer%E2%80%9D%2C+an+audiovisual+work+that+accompanied+the+application+of+this+innovative...\" title=\"LinkedIn\"><i class=\"socials-item-icon linkedin\"><\/i><\/a> <a class=\"socials-item\" target=\"_blank\" href=\"https:\/\/www.reddit.com\/submit?url=https%3A%2F%2Ffundacionmeri.cl%2Fen%2Fdescubre-cachalote-patagonia-explorer%2F&#038;title=Discover+%E2%80%9CCachalote%2C+Patagonia+Explorer%E2%80%9D\" title=\"Reddit\"><i class=\"socials-item-icon reddit\"><\/i><\/a> <\/div> <\/div> <div class=\"grid-post-meta-comments-likes\"> <\/div> <\/div> <\/div> <\/div> <\/div> <\/div> <div class=\"portfolio-item investigacion-cientifica meri col-xs-12 col-sm-6 col-md-4 item-animations-not-inited show-caption-border appearance-type- post-72360 post type-post status-publish format-standard has-post-thumbnail category-investigacion-cientifica category-meri\" data-default-sort=\"0\" data-sort-date=\"1763841842\"> <div class=\"wrap clearfix\"> <div class=\"image post-72360 post type-post status-publish format-standard has-post-thumbnail category-investigacion-cientifica category-meri\"> <div class=\"image-inner \"> <picture> <img src=\"https:\/\/fundacionmeri.cl\/wp-content\/uploads\/2026\/04\/transparent-thegem-product-justified-square-m.png\" width=\"400\" height=\"400\" class=\"attachment-thegem-product-justified-square-m\" alt=\"Thank you for being part of COP30 as a community!\" \/> <\/picture> <div class=\"post-featured-content\"><a href=\"https:\/\/fundacionmeri.cl\/en\/cop30-conclusiones-clave-del-pabellon-de-ciencia-para-la-accion-climatica\/\"> <picture> <source srcset=\"https:\/\/fundacionmeri.cl\/wp-content\/uploads\/2025\/11\/Noticia-Cop30-thegem-product-justified-square-m.jpg 1x\" sizes=\"100vw\"> <img src=\"https:\/\/fundacionmeri.cl\/wp-content\/uploads\/2025\/11\/Noticia-Cop30-thegem-product-justified-square-m.jpg\" width=\"400\" height=\"400\" class=\"img-responsive\" alt=\"Noticia-Cop30\" \/> <\/picture> <\/a><\/div> <\/div> <div class=\"overlay\"> <div class=\"overlay-circle\"><\/div> <div class=\"links-wrapper\"> <div class=\"links\"> <div class=\"caption\"> <a href=\"https:\/\/fundacionmeri.cl\/en\/cop30-conclusiones-clave-del-pabellon-de-ciencia-para-la-accion-climatica\/\" class=\"portfolio-item-link\"> <span class=\"screen-reader-text\">Thank you for being part of COP30 as a community!<\/span> <\/a> <div class=\"portfolio-icons\"> <a href=\"javascript: void(0);\" class=\"icon self-link\" aria-label=\"Thank you for being part of COP30 as a community!\"><i class=\"default\"><\/i><\/a> <\/div> <div class=\"info\"> <a class=\"additional-meta\" data-filter-type=\"taxonomies\" data-attr=\"category\" data-filter=\"investigacion-cientifica\">Scientific Research<\/a><span class=\"sep\"><\/span> <a class=\"additional-meta\" data-filter-type=\"taxonomies\" data-attr=\"category\" data-filter=\"meri\">MERI<\/a> <\/div> <\/div> <\/div> <\/div> <\/div> <\/div> <div class=\"caption post-72360 post type-post status-publish format-standard has-post-thumbnail category-investigacion-cientifica category-meri\"> <div class=\"post-author-date\"> <div class=\"post-date\">November 22, 2025<\/div> <\/div> <div class=\"title\"> <span class=\"title-h4 \"><a href=\"https:\/\/fundacionmeri.cl\/en\/cop30-conclusiones-clave-del-pabellon-de-ciencia-para-la-accion-climatica\/\" rel=\"bookmark\">Thank you for being part of COP30 as a community!<\/a><\/span> <\/div> <div class=\"description \"> <p>More than 6,800 website visits and 3,800 people connected through the app joined Science for Climate Action to follow COP30&#8230;<\/p> <\/div> <div class=\"grid-post-meta clearfix without-likes\"> <div class=\"grid-post-meta-inner\"> <div class=\"grid-post-share\"> <a href=\"javascript: void(0);\" class=\"icon share\" role=\"button\" aria-label=\"Share\"><i class=\"default\"><\/i><\/a> <\/div> <div class=\"portfolio-sharing-pane\"> <div class=\"socials-sharing socials socials-colored-hover\"> <a class=\"socials-item\" target=\"_blank\" href=\"https:\/\/www.facebook.com\/sharer\/sharer.php?u=https%3A%2F%2Ffundacionmeri.cl%2Fen%2Fcop30-conclusiones-clave-del-pabellon-de-ciencia-para-la-accion-climatica%2F\" title=\"Facebook\"><i class=\"socials-item-icon facebook\"><\/i><\/a> <a class=\"socials-item\" target=\"_blank\" href=\"https:\/\/twitter.com\/intent\/tweet?text=Thank+you+for+being+part+of+COP30+as+a+community%21&#038;url=https%3A%2F%2Ffundacionmeri.cl%2Fen%2Fcop30-conclusiones-clave-del-pabellon-de-ciencia-para-la-accion-climatica%2F\" title=\"Twitter\"><i class=\"socials-item-icon twitter\"><\/i><\/a> <a class=\"socials-item\" target=\"_blank\" href=\"https:\/\/pinterest.com\/pin\/create\/button\/?url=https%3A%2F%2Ffundacionmeri.cl%2Fen%2Fcop30-conclusiones-clave-del-pabellon-de-ciencia-para-la-accion-climatica%2F&#038;description=Thank+you+for+being+part+of+COP30+as+a+community%21&#038;media=https%3A%2F%2Ffundacionmeri.cl%2Fwp-content%2Fuploads%2F2025%2F11%2FNoticia-Cop30-thegem-blog-timeline-large.jpg\" title=\"Pinterest\"><i class=\"socials-item-icon pinterest\"><\/i><\/a> <a class=\"socials-item\" target=\"_blank\" href=\"https:\/\/www.tumblr.com\/widgets\/share\/tool?canonicalUrl=https%3A%2F%2Ffundacionmeri.cl%2Fen%2Fcop30-conclusiones-clave-del-pabellon-de-ciencia-para-la-accion-climatica%2F\" title=\"Tumblr\"><i class=\"socials-item-icon tumblr\"><\/i><\/a> <a class=\"socials-item\" target=\"_blank\" href=\"https:\/\/www.linkedin.com\/shareArticle?mini=true&#038;url=https%3A%2F%2Ffundacionmeri.cl%2Fen%2Fcop30-conclusiones-clave-del-pabellon-de-ciencia-para-la-accion-climatica%2F&#038;title=Thank+you+for+being+part+of+COP30+as+a+community%21&amp;summary=More+than+6%2C800+website+visits+and+3%2C800+people+connected+through+the+app+joined+Science+for+Climate+Action+to+follow+COP30...\" title=\"LinkedIn\"><i class=\"socials-item-icon linkedin\"><\/i><\/a> <a class=\"socials-item\" target=\"_blank\" href=\"https:\/\/www.reddit.com\/submit?url=https%3A%2F%2Ffundacionmeri.cl%2Fen%2Fcop30-conclusiones-clave-del-pabellon-de-ciencia-para-la-accion-climatica%2F&#038;title=Thank+you+for+being+part+of+COP30+as+a+community%21\" title=\"Reddit\"><i class=\"socials-item-icon reddit\"><\/i><\/a> <\/div> <\/div> <div class=\"grid-post-meta-comments-likes\"> <\/div> <\/div> <\/div> <\/div> <\/div> <\/div> <div class=\"portfolio-item meri col-xs-12 col-sm-6 col-md-4 item-animations-not-inited show-caption-border appearance-type- post-72340 post type-post status-publish format-standard has-post-thumbnail category-meri\" data-default-sort=\"0\" data-sort-date=\"1755094182\"> <div class=\"wrap clearfix\"> <div class=\"image post-72340 post type-post status-publish format-standard has-post-thumbnail category-meri\"> <div class=\"image-inner \"> <picture> <img src=\"https:\/\/fundacionmeri.cl\/wp-content\/uploads\/2026\/04\/transparent-thegem-product-justified-square-m.png\" width=\"400\" height=\"400\" class=\"attachment-thegem-product-justified-square-m\" alt=\"\u201cAncestral Memory\u201d: exhibition showcases the lives of the Selk&#8217;nam, Y\u00e1mana, and Kawesqar through photographs\" \/> <\/picture> <div class=\"post-featured-content\"><a href=\"https:\/\/fundacionmeri.cl\/en\/memoria-ancestral-expo-muestra-la-vida-de-los-selknam-yamana-y-kawesqar-en-fotos\/\"> <picture> <source srcset=\"https:\/\/fundacionmeri.cl\/wp-content\/uploads\/2025\/08\/voces-thegem-product-justified-square-m.jpeg 1x\" sizes=\"100vw\"> <img src=\"https:\/\/fundacionmeri.cl\/wp-content\/uploads\/2025\/08\/voces-thegem-product-justified-square-m.jpeg\" width=\"400\" height=\"400\" class=\"img-responsive\" alt=\"voces\" \/> <\/picture> <\/a><\/div> <\/div> <div class=\"overlay\"> <div class=\"overlay-circle\"><\/div> <div class=\"links-wrapper\"> <div class=\"links\"> <div class=\"caption\"> <a href=\"https:\/\/fundacionmeri.cl\/en\/memoria-ancestral-expo-muestra-la-vida-de-los-selknam-yamana-y-kawesqar-en-fotos\/\" class=\"portfolio-item-link\"> <span class=\"screen-reader-text\">\u201cAncestral Memory\u201d: exhibition showcases the lives of the Selk&#8217;nam, Y\u00e1mana, and Kawesqar through photographs<\/span> <\/a> <div class=\"portfolio-icons\"> <a href=\"javascript: void(0);\" class=\"icon self-link\" aria-label=\"\u201cAncestral Memory\u201d: exhibition showcases the lives of the Selk&#8217;nam, Y\u00e1mana, and Kawesqar through photographs\"><i class=\"default\"><\/i><\/a> <\/div> <div class=\"info\"> <a class=\"additional-meta\" data-filter-type=\"taxonomies\" data-attr=\"category\" data-filter=\"meri\">MERI<\/a> <\/div> <\/div> <\/div> <\/div> <\/div> <\/div> <div class=\"caption post-72340 post type-post status-publish format-standard has-post-thumbnail category-meri\"> <div class=\"post-author-date\"> <div class=\"post-date\">August 13, 2025<\/div> <\/div> <div class=\"title\"> <span class=\"title-h4 \"><a href=\"https:\/\/fundacionmeri.cl\/en\/memoria-ancestral-expo-muestra-la-vida-de-los-selknam-yamana-y-kawesqar-en-fotos\/\" rel=\"bookmark\">\u201cAncestral Memory\u201d: exhibition showcases the lives of the Selk&#8217;nam, Y\u00e1mana, and Kawesqar through photographs<\/a><\/span> <\/div> <div class=\"description \"> <p>INDIGENOUS PEOPLES. The traveling selection becomes a centerpiece of the Enfoto 2025 Photography Encounter at the Diego Rivera venue. A&#8230;<\/p> <\/div> <div class=\"grid-post-meta clearfix without-likes\"> <div class=\"grid-post-meta-inner\"> <div class=\"grid-post-share\"> <a href=\"javascript: void(0);\" class=\"icon share\" role=\"button\" aria-label=\"Share\"><i class=\"default\"><\/i><\/a> <\/div> <div class=\"portfolio-sharing-pane\"> <div class=\"socials-sharing socials socials-colored-hover\"> <a class=\"socials-item\" target=\"_blank\" href=\"https:\/\/www.facebook.com\/sharer\/sharer.php?u=https%3A%2F%2Ffundacionmeri.cl%2Fen%2Fmemoria-ancestral-expo-muestra-la-vida-de-los-selknam-yamana-y-kawesqar-en-fotos%2F\" title=\"Facebook\"><i class=\"socials-item-icon facebook\"><\/i><\/a> <a class=\"socials-item\" target=\"_blank\" href=\"https:\/\/twitter.com\/intent\/tweet?text=%E2%80%9CAncestral+Memory%E2%80%9D%3A+exhibition+showcases+the+lives+of+the+Selk%26%238217%3Bnam%2C+Y%C3%A1mana%2C+and+Kawesqar+through+photographs&#038;url=https%3A%2F%2Ffundacionmeri.cl%2Fen%2Fmemoria-ancestral-expo-muestra-la-vida-de-los-selknam-yamana-y-kawesqar-en-fotos%2F\" title=\"Twitter\"><i class=\"socials-item-icon twitter\"><\/i><\/a> <a class=\"socials-item\" target=\"_blank\" href=\"https:\/\/pinterest.com\/pin\/create\/button\/?url=https%3A%2F%2Ffundacionmeri.cl%2Fen%2Fmemoria-ancestral-expo-muestra-la-vida-de-los-selknam-yamana-y-kawesqar-en-fotos%2F&#038;description=%E2%80%9CAncestral+Memory%E2%80%9D%3A+exhibition+showcases+the+lives+of+the+Selk%26%238217%3Bnam%2C+Y%C3%A1mana%2C+and+Kawesqar+through+photographs&#038;media=https%3A%2F%2Ffundacionmeri.cl%2Fwp-content%2Fuploads%2F2025%2F08%2Fvoces-thegem-blog-timeline-large.jpeg\" title=\"Pinterest\"><i class=\"socials-item-icon pinterest\"><\/i><\/a> <a class=\"socials-item\" target=\"_blank\" href=\"https:\/\/www.tumblr.com\/widgets\/share\/tool?canonicalUrl=https%3A%2F%2Ffundacionmeri.cl%2Fen%2Fmemoria-ancestral-expo-muestra-la-vida-de-los-selknam-yamana-y-kawesqar-en-fotos%2F\" title=\"Tumblr\"><i class=\"socials-item-icon tumblr\"><\/i><\/a> <a class=\"socials-item\" target=\"_blank\" href=\"https:\/\/www.linkedin.com\/shareArticle?mini=true&#038;url=https%3A%2F%2Ffundacionmeri.cl%2Fen%2Fmemoria-ancestral-expo-muestra-la-vida-de-los-selknam-yamana-y-kawesqar-en-fotos%2F&#038;title=%E2%80%9CAncestral+Memory%E2%80%9D%3A+exhibition+showcases+the+lives+of+the+Selk%26%238217%3Bnam%2C+Y%C3%A1mana%2C+and+Kawesqar+through+photographs&amp;summary=INDIGENOUS+PEOPLES.+The+traveling+selection+becomes+a+centerpiece+of+the+Enfoto+2025+Photography+Encounter+at+the+Diego+Rivera+venue.+A...\" title=\"LinkedIn\"><i class=\"socials-item-icon linkedin\"><\/i><\/a> <a class=\"socials-item\" target=\"_blank\" href=\"https:\/\/www.reddit.com\/submit?url=https%3A%2F%2Ffundacionmeri.cl%2Fen%2Fmemoria-ancestral-expo-muestra-la-vida-de-los-selknam-yamana-y-kawesqar-en-fotos%2F&#038;title=%E2%80%9CAncestral+Memory%E2%80%9D%3A+exhibition+showcases+the+lives+of+the+Selk%26%238217%3Bnam%2C+Y%C3%A1mana%2C+and+Kawesqar+through+photographs\" title=\"Reddit\"><i class=\"socials-item-icon reddit\"><\/i><\/a> <\/div> <\/div> <div class=\"grid-post-meta-comments-likes\"> <\/div> <\/div> <\/div> <\/div> <\/div> <\/div> <\/div><!-- .portflio-set --> <div class=\"portfolio-item-size-container\"> <div class=\"portfolio-item col-xs-12 col-sm-6 col-md-4 item-animations-not-inited show-caption-border post-72340 post type-post status-publish format-standard has-post-thumbnail category-meri\"> <\/div> <\/div> <\/div><!-- .row--> <div class=\"portfolio-load-more\"> <div class=\"inner\"> <div class=\"gem-button-container gem-button-position-center thegem-button-69f2326165fc99756 gem-button-with-separator\" ><div class=\"gem-button-separator gem-button-separator-type-load-more\"><div class=\"gem-button-separator-holder\"><div class=\"gem-button-separator-line\" style=\"border-color: #5082C2FF;\"><\/div><\/div><div class=\"gem-button-separator-button\"><button class=\"gem-button gem-button-size-medium gem-button-style-flat gem-button-text-weight-normal\" data-ll-effect=\"drop-right-without-wrap\" style=\"border-radius: 25px;background-color: #00bcd5;\" onmouseleave=\"this.style.backgroundColor='#00bcd5';\" onmouseenter=\"\">More news<\/button><\/div><div class=\"gem-button-separator-holder\"><div class=\"gem-button-separator-line\" style=\"border-color: #5082C2FF;\"><\/div><\/div><\/div><\/div> <\/div> <\/div> <\/div><!-- .full-width --> <\/div><!-- .portfolio--> <\/div><!-- .portfolio-preloader-wrapper-->[\/vc_column][\/vc_row]<\/p>\n<\/div>","protected":false},"excerpt":{"rendered":"<p>[vc_row custom_css_code=&#8221;LmJsb2ctc3R5bGUtY29tcGFjdCUyMGFydGljbGUlMjAucG9zdC10aXRsZSUyMGg1JTIwc3BhbiUyMCU3QiUwQSUyMCUyMCUyMCUyMGZvbnQtZmFtaWx5JTNBJTIwJTI3TW9udHNlcnJhdCUyNyUzQiUwQSUyMCUyMCUyMCUyMGZvbnQtd2VpZ2h0JTNBJTIwNzAwJTNCJTBBJTIwJTIwJTIwJTIwdGV4dC10cmFuc2Zvcm0lM0ElMjBub25lJTNCJTBBJTdEJTBBJTQwbWVkaWElMjAlMjhtYXgtd2lkdGglM0ElMjAxMTk5cHglMjklMjAlN0IlMEElMjAlMjAlMjAlMjAucm93JTIwJTNFJTIwJTJBJTIwJTdCJTBBJTIwJTIwJTIwJTIwJTIwJTIwJTIwJTIwbWFyZ2luLXRvcCUzQSUyMDAlM0IlMEElMjAlMjAlMjAlMjAlN0QlMEElN0Q=&#8221;][vc_column][\/vc_column][\/vc_row]<\/p>\n","protected":false},"author":1,"featured_media":70595,"parent":0,"menu_order":0,"comment_status":"closed","ping_status":"closed","template":"","meta":{"footnotes":""},"class_list":["post-66575","page","type-page","status-publish","has-post-thumbnail"],"translation":{"provider":"WPGlobus","version":"3.0.2","language":"en","enabled_languages":["es","en"],"languages":{"es":{"title":true,"content":true,"excerpt":false},"en":{"title":true,"content":true,"excerpt":false}}},"_links":{"self":[{"href":"https:\/\/fundacionmeri.cl\/en\/wp-json\/wp\/v2\/pages\/66575","targetHints":{"allow":["GET"]}}],"collection":[{"href":"https:\/\/fundacionmeri.cl\/en\/wp-json\/wp\/v2\/pages"}],"about":[{"href":"https:\/\/fundacionmeri.cl\/en\/wp-json\/wp\/v2\/types\/page"}],"author":[{"embeddable":true,"href":"https:\/\/fundacionmeri.cl\/en\/wp-json\/wp\/v2\/users\/1"}],"replies":[{"embeddable":true,"href":"https:\/\/fundacionmeri.cl\/en\/wp-json\/wp\/v2\/comments?post=66575"}],"version-history":[{"count":0,"href":"https:\/\/fundacionmeri.cl\/en\/wp-json\/wp\/v2\/pages\/66575\/revisions"}],"wp:featuredmedia":[{"embeddable":true,"href":"https:\/\/fundacionmeri.cl\/en\/wp-json\/wp\/v2\/media\/70595"}],"wp:attachment":[{"href":"https:\/\/fundacionmeri.cl\/en\/wp-json\/wp\/v2\/media?parent=66575"}],"curies":[{"name":"wp","href":"https:\/\/api.w.org\/{rel}","templated":true}]}}